{"id":5801,"date":"2025-07-31T16:15:55","date_gmt":"2025-07-31T14:15:55","guid":{"rendered":"https:\/\/www.dexeusfoundation.org\/premi-fundacio-dexeus-dona\/premi-actual\/"},"modified":"2025-12-09T13:08:41","modified_gmt":"2025-12-09T12:08:41","slug":"premi-actual","status":"publish","type":"page","link":"https:\/\/www.dexeusfoundation.org\/ca\/premi-fundacio-dexeus-dona\/premi-actual\/","title":{"rendered":"Premi actual"},"content":{"rendered":"\t\t<div data-elementor-type=\"wp-page\" data-elementor-id=\"5801\" class=\"elementor elementor-5801 elementor-61\" data-elementor-post-type=\"page\">\n\t\t\t\t<div class=\"elementor-element elementor-element-e304d3b e-con-full e-flex e-con e-parent\" data-id=\"e304d3b\" data-element_type=\"container\" data-e-type=\"container\" data-settings=\"{&quot;jet_parallax_layout_list&quot;:[],&quot;background_background&quot;:&quot;gradient&quot;}\">\n\t\t<div class=\"elementor-element elementor-element-4bd286c e-con-full e-flex e-con e-child\" data-id=\"4bd286c\" data-element_type=\"container\" data-e-type=\"container\" data-settings=\"{&quot;jet_parallax_layout_list&quot;:[]}\">\n\t\t\t\t<div class=\"elementor-element elementor-element-4303351 elementor-widget elementor-widget-heading\" data-id=\"4303351\" data-element_type=\"widget\" data-e-type=\"widget\" data-widget_type=\"heading.default\">\n\t\t\t\t\t<h1 class=\"elementor-heading-title elementor-size-default\">Premi actual<\/h1>\t\t\t\t<\/div>\n\t\t\t\t<div class=\"elementor-element elementor-element-994bffc elementor-widget elementor-widget-heading\" data-id=\"994bffc\" data-element_type=\"widget\" data-e-type=\"widget\" data-widget_type=\"heading.default\">\n\t\t\t\t\t<p class=\"elementor-heading-title elementor-size-default\">En l'\u00faltima edici\u00f3, el professor Arry Coomarasamy de la Universitat de Birmingham (Regne Unit) va ser guardonat per la seva contribuci\u00f3 a la reducci\u00f3 de la mortalitat materna durant el part<\/p>\t\t\t\t<\/div>\n\t\t\t\t<\/div>\n\t\t<div class=\"elementor-element elementor-element-d7b1652 e-con-full e-flex e-con e-child\" data-id=\"d7b1652\" data-element_type=\"container\" data-e-type=\"container\" data-settings=\"{&quot;jet_parallax_layout_list&quot;:[]}\">\n\t\t\t\t<div class=\"elementor-element elementor-element-dca550e elementor-widget elementor-widget-image\" data-id=\"dca550e\" data-element_type=\"widget\" data-e-type=\"widget\" data-widget_type=\"image.default\">\n\t\t\t\t\t\t\t\t\t\t\t\t\t\t\t<img fetchpriority=\"high\" decoding=\"async\" width=\"686\" height=\"532\" src=\"https:\/\/www.dexeusfoundation.org\/wp-content\/uploads\/2025\/08\/destacados-xix-premio-beca-fundacion-dexeus.jpg\" class=\"attachment-large size-large wp-image-5627\" alt=\"\" srcset=\"https:\/\/www.dexeusfoundation.org\/wp-content\/uploads\/2025\/08\/destacados-xix-premio-beca-fundacion-dexeus.jpg 686w, https:\/\/www.dexeusfoundation.org\/wp-content\/uploads\/2025\/08\/destacados-xix-premio-beca-fundacion-dexeus-300x233.jpg 300w\" sizes=\"(max-width: 686px) 100vw, 686px\" \/>\t\t\t\t\t\t\t\t\t\t\t\t\t\t\t<\/div>\n\t\t\t\t<\/div>\n\t\t\t\t<\/div>\n\t\t<div class=\"elementor-element elementor-element-9303ffd e-flex e-con-boxed e-con e-parent\" data-id=\"9303ffd\" data-element_type=\"container\" data-e-type=\"container\" data-settings=\"{&quot;jet_parallax_layout_list&quot;:[]}\">\n\t\t\t\t\t<div class=\"e-con-inner\">\n\t\t<div class=\"elementor-element elementor-element-6491ac9 e-con-full e-flex e-con e-child\" data-id=\"6491ac9\" data-element_type=\"container\" data-e-type=\"container\" data-settings=\"{&quot;jet_parallax_layout_list&quot;:[]}\">\n\t\t\t\t<div class=\"elementor-element elementor-element-de6694a elementor-widget elementor-widget-heading\" data-id=\"de6694a\" data-element_type=\"widget\" data-e-type=\"widget\" data-settings=\"{&quot;sticky&quot;:&quot;top&quot;,&quot;sticky_offset&quot;:120,&quot;sticky_parent&quot;:&quot;yes&quot;,&quot;sticky_on&quot;:[&quot;desktop&quot;,&quot;tablet_extra&quot;,&quot;tablet&quot;],&quot;sticky_effects_offset&quot;:0,&quot;sticky_anchor_link_offset&quot;:0}\" data-widget_type=\"heading.default\">\n\t\t\t\t\t<h2 class=\"elementor-heading-title elementor-size-default\">El professor Arry Coomarasamy ha estat l\u2019impulsor de l'estudi E-MOTIVE, un nou m\u00e8tode per al diagn\u00f2stic r\u00e0pid i el tractament combinat de l'hemorr\u00e0gia postpart<\/h2>\t\t\t\t<\/div>\n\t\t\t\t<\/div>\n\t\t<div class=\"elementor-element elementor-element-ef177c2 e-con-full e-flex e-con e-child\" data-id=\"ef177c2\" data-element_type=\"container\" data-e-type=\"container\" data-settings=\"{&quot;jet_parallax_layout_list&quot;:[]}\">\n\t\t\t\t<div class=\"elementor-element elementor-element-5b8eae9 elementor-widget elementor-widget-text-editor\" data-id=\"5b8eae9\" data-element_type=\"widget\" data-e-type=\"widget\" data-widget_type=\"text-editor.default\">\n\t\t\t\t\t\t\t\t\t<p>S. M. la Reina Letizia, presidenta del Comit\u00e8 d&#8217;Honor de la Fundaci\u00f3 Dexeus Dona, va lliurar el passat 16 de gener de 2025 el XIX Premi Fundaci\u00f3 Dexeus Dona al professor Arri Coomarasamy, en reconeixement a la seva destacada contribuci\u00f3 per a prevenir les p\u00e8rdues gestacionals i reduir la mortalitat materna durant el part. Aquest premi, de car\u00e0cter internacional, s&#8217;atorga cada any a una persona, equip o instituci\u00f3 per la seva contribuci\u00f3 en el camp de les Ci\u00e8ncies de la Salut, especialment referides a la dona. <\/p><p>El professor Arri Coomarasamy \u00e9s catedr\u00e0tic de Ginecologia i Medicina Reproductiva al Departament de Metabolisme i Ci\u00e8ncia de Sistemes de la Universitat de Birmingham i l\u2019investigador principal de l&#8217;estudi <a href=\"https:\/\/www.who.int\/es\/news\/item\/09-05-2023-lifesaving-solution-dramatically-reduces-severe-bleeding-after-childbirth\" target=\"_blank\" rel=\"noopener\">E-MOTIVE<\/a>, que ha desenvolupat un nou m\u00e8tode per al diagn\u00f2stic r\u00e0pid i el tractament combinat de l&#8217;hemorr\u00e0gia postpart (HPP) en part vaginals. El treball es va dur a terme sobre una mostra de 200.000 dones de 80 hospitals de Kenya, Nig\u00e8ria, Sud-\u00e0frica i Tanz\u00e0nia. Els resultats es van publicar al <a href=\"https:\/\/www.nejm.org\/doi\/full\/10.1056\/NEJMoa2303966\" target=\"_blank\" rel=\"noopener\"><em>New England Journal Of Medicine<\/em><\/a> i van demostrar que el tractament \u00e9s incre\u00efblement efica\u00e7, amb una reducci\u00f3 del 60 % de les hemorr\u00e0gies greus (p\u00e8rdua de m\u00e9s d&#8217;un litre de sang despr\u00e9s del part) i una disminuci\u00f3 de la probabilitat de mort de la pacient.  <\/p><p>Arri Coomasamy \u00e9s l\u2019actual director del <a href=\"https:\/\/www.birmingham.ac.uk\/research\/centres-institutes\/tommys-national-centre-for-miscarriage-research\" target=\"_blank\" rel=\"noopener\">Tommy\u2019s National Centre for Miscarriage Research<\/a>, el major centre europeu de recerca en p\u00e8rdues gestacionals, i Director fundador del <a href=\"https:\/\/www.birmingham.ac.uk\/research\/who-collaborating-centre\" target=\"_blank\" rel=\"noopener\">WHO Collaborating Centre for Global Women\u2019s Health<\/a> de la Universitat de Birmingham. El professor Coomarasamy va ser nomenat en el 2023 Oficial de l&#8217;Ordre de l&#8217;Imperi Brit\u00e0nic (OBE), una distinci\u00f3 que es concedeix a les persones que han realitzat un servei meritori a la comunitat. <\/p>\t\t\t\t\t\t\t\t<\/div>\n\t\t\t\t<div class=\"elementor-element elementor-element-77f43db elementor-widget elementor-widget-image\" data-id=\"77f43db\" data-element_type=\"widget\" data-e-type=\"widget\" data-widget_type=\"image.default\">\n\t\t\t\t\t\t\t\t\t\t\t\t\t\t\t<img fetchpriority=\"high\" decoding=\"async\" width=\"686\" height=\"532\" src=\"https:\/\/www.dexeusfoundation.org\/wp-content\/uploads\/2025\/08\/destacados-xix-premio-beca-fundacion-dexeus.jpg\" class=\"attachment-large size-large wp-image-5627\" alt=\"\" srcset=\"https:\/\/www.dexeusfoundation.org\/wp-content\/uploads\/2025\/08\/destacados-xix-premio-beca-fundacion-dexeus.jpg 686w, https:\/\/www.dexeusfoundation.org\/wp-content\/uploads\/2025\/08\/destacados-xix-premio-beca-fundacion-dexeus-300x233.jpg 300w\" sizes=\"(max-width: 686px) 100vw, 686px\" \/>\t\t\t\t\t\t\t\t\t\t\t\t\t\t\t<\/div>\n\t\t\t\t<\/div>\n\t\t\t\t\t<\/div>\n\t\t\t\t<\/div>\n\t\t<div class=\"elementor-element elementor-element-a797bda e-flex e-con-boxed e-con e-parent\" data-id=\"a797bda\" data-element_type=\"container\" data-e-type=\"container\" data-settings=\"{&quot;jet_parallax_layout_list&quot;:[],&quot;background_background&quot;:&quot;gradient&quot;}\">\n\t\t\t\t\t<div class=\"e-con-inner\">\n\t\t<div class=\"elementor-element elementor-element-da7316d e-con-full e-flex e-con e-child\" data-id=\"da7316d\" data-element_type=\"container\" data-e-type=\"container\" data-settings=\"{&quot;jet_parallax_layout_list&quot;:[]}\">\n\t\t\t\t<div class=\"elementor-element elementor-element-64ef603 elementor-widget elementor-widget-heading\" data-id=\"64ef603\" data-element_type=\"widget\" data-e-type=\"widget\" data-settings=\"{&quot;sticky_offset&quot;:120,&quot;sticky_parent&quot;:&quot;yes&quot;,&quot;sticky_on&quot;:[&quot;desktop&quot;,&quot;tablet_extra&quot;,&quot;tablet&quot;],&quot;sticky&quot;:&quot;top&quot;,&quot;sticky_effects_offset&quot;:0,&quot;sticky_anchor_link_offset&quot;:0}\" data-widget_type=\"heading.default\">\n\t\t\t\t\t<h2 class=\"elementor-heading-title elementor-size-default\">Valeria Tubita, del VHIR, va ser la guanyadora de la beca en l'\u00faltima edici\u00f3, per la seva recerca sobre el c\u00e0ncer d'endometri<\/h2>\t\t\t\t<\/div>\n\t\t\t\t<\/div>\n\t\t<div class=\"elementor-element elementor-element-2dee792 e-con-full e-flex e-con e-child\" data-id=\"2dee792\" data-element_type=\"container\" data-e-type=\"container\" data-settings=\"{&quot;jet_parallax_layout_list&quot;:[]}\">\n\t\t\t\t<div class=\"elementor-element elementor-element-8abe5c3 elementor-widget elementor-widget-text-editor\" data-id=\"8abe5c3\" data-element_type=\"widget\" data-e-type=\"widget\" data-widget_type=\"text-editor.default\">\n\t\t\t\t\t\t\t\t\t<p>Durant la cerim\u00f2nia, tamb\u00e9 es va lliurar la beca que la Fundaci\u00f3 Dexeus Dona atorga anualment a joves investigadors. La guanyadora va ser Valeria Tubita, per un projecte de recerca centrat a avaluar l&#8217;efic\u00e0cia de combinar ter\u00e0pies anti-HER2 i inhibidors de PARP per millorar la resposta antitumoral i reduir el creixement del c\u00e0ncer d&#8217;endometri positiu per HER2. Valeria Tubita \u00e9s investigadora postdoctoral al grup de Recerca Biom\u00e8dica en Ginecologia de l&#8217;Institut d&#8217;Investigaci\u00f3 Vall d&#8217;Hebron (VHIR), on centra la seva feina en l&#8217;estudi de ter\u00e0pies innovadores per al c\u00e0ncer d&#8217;endometri.  <\/p>\t\t\t\t\t\t\t\t<\/div>\n\t\t\t\t<div class=\"elementor-element elementor-element-68b41db elementor-widget elementor-widget-image\" data-id=\"68b41db\" data-element_type=\"widget\" data-e-type=\"widget\" data-widget_type=\"image.default\">\n\t\t\t\t\t\t\t\t\t\t\t\t\t\t\t<img decoding=\"async\" width=\"800\" height=\"569\" src=\"https:\/\/www.dexeusfoundation.org\/wp-content\/uploads\/2025\/08\/becas_concedidas-1024x728.jpg\" class=\"attachment-large size-large wp-image-5798\" alt=\"\" srcset=\"https:\/\/www.dexeusfoundation.org\/wp-content\/uploads\/2025\/08\/becas_concedidas-1024x728.jpg 1024w, https:\/\/www.dexeusfoundation.org\/wp-content\/uploads\/2025\/08\/becas_concedidas-300x213.jpg 300w, https:\/\/www.dexeusfoundation.org\/wp-content\/uploads\/2025\/08\/becas_concedidas-768x546.jpg 768w, https:\/\/www.dexeusfoundation.org\/wp-content\/uploads\/2025\/08\/becas_concedidas-1536x1092.jpg 1536w, https:\/\/www.dexeusfoundation.org\/wp-content\/uploads\/2025\/08\/becas_concedidas.jpg 1600w\" sizes=\"(max-width: 800px) 100vw, 800px\" \/>\t\t\t\t\t\t\t\t\t\t\t\t\t\t\t<\/div>\n\t\t\t\t<\/div>\n\t\t\t\t\t<\/div>\n\t\t\t\t<\/div>\n\t\t\t\t<\/div>\n\t\t","protected":false},"excerpt":{"rendered":"<p>El professor Arri Coomarasamy va ser el guanyador de l&#8217;edici\u00f3 anterior per la seva contribuci\u00f3 a la reducci\u00f3 de la mortalitat materna durant el part.<\/p>\n","protected":false},"author":1,"featured_media":5627,"parent":5796,"menu_order":0,"comment_status":"closed","ping_status":"closed","template":"","meta":{"footnotes":""},"class_list":["post-5801","page","type-page","status-publish","has-post-thumbnail","hentry"],"yoast_head":"<!-- This site is optimized with the Yoast SEO plugin v27.0 - https:\/\/yoast.com\/product\/yoast-seo-wordpress\/ -->\n<title>Premi actual - Fundaci\u00f3n Dexeus Mujer<\/title>\n<meta name=\"description\" content=\"El professor Arri Coomarasamy va ser el guanyador de l&#039;edici\u00f3 anterior per la seva contribuci\u00f3 a la reducci\u00f3 de la mortalitat materna durant el part.\" \/>\n<meta name=\"robots\" content=\"index, follow, max-snippet:-1, max-image-preview:large, max-video-preview:-1\" \/>\n<link rel=\"canonical\" href=\"https:\/\/www.dexeusfoundation.org\/ca\/premi-fundacio-dexeus-dona\/premi-actual\/\" \/>\n<meta property=\"og:locale\" content=\"ca_ES\" \/>\n<meta property=\"og:type\" content=\"article\" \/>\n<meta property=\"og:title\" content=\"Premi actual - Fundaci\u00f3n Dexeus Mujer\" \/>\n<meta property=\"og:description\" content=\"El professor Arri Coomarasamy va ser el guanyador de l&#039;edici\u00f3 anterior per la seva contribuci\u00f3 a la reducci\u00f3 de la mortalitat materna durant el part.\" \/>\n<meta property=\"og:url\" content=\"https:\/\/www.dexeusfoundation.org\/ca\/premi-fundacio-dexeus-dona\/premi-actual\/\" \/>\n<meta property=\"og:site_name\" content=\"Fundaci\u00f3n Dexeus Mujer\" \/>\n<meta property=\"article:modified_time\" content=\"2025-12-09T12:08:41+00:00\" \/>\n<meta property=\"og:image\" content=\"https:\/\/www.dexeusfoundation.org\/wp-content\/uploads\/2025\/08\/destacados-xix-premio-beca-fundacion-dexeus.jpg\" \/>\n\t<meta property=\"og:image:width\" content=\"686\" \/>\n\t<meta property=\"og:image:height\" content=\"532\" \/>\n\t<meta property=\"og:image:type\" content=\"image\/jpeg\" \/>\n<meta name=\"twitter:card\" content=\"summary_large_image\" \/>\n<script type=\"application\/ld+json\" class=\"yoast-schema-graph\">{\"@context\":\"https:\/\/schema.org\",\"@graph\":[{\"@type\":\"WebPage\",\"@id\":\"https:\/\/www.dexeusfoundation.org\/ca\/premi-fundacio-dexeus-dona\/premi-actual\/\",\"url\":\"https:\/\/www.dexeusfoundation.org\/ca\/premi-fundacio-dexeus-dona\/premi-actual\/\",\"name\":\"Premi actual - Fundaci\u00f3n Dexeus Mujer\",\"isPartOf\":{\"@id\":\"https:\/\/www.dexeusfoundation.org\/ca\/#website\"},\"primaryImageOfPage\":{\"@id\":\"https:\/\/www.dexeusfoundation.org\/ca\/premi-fundacio-dexeus-dona\/premi-actual\/#primaryimage\"},\"image\":{\"@id\":\"https:\/\/www.dexeusfoundation.org\/ca\/premi-fundacio-dexeus-dona\/premi-actual\/#primaryimage\"},\"thumbnailUrl\":\"https:\/\/www.dexeusfoundation.org\/wp-content\/uploads\/2025\/08\/destacados-xix-premio-beca-fundacion-dexeus.jpg\",\"datePublished\":\"2025-07-31T14:15:55+00:00\",\"dateModified\":\"2025-12-09T12:08:41+00:00\",\"description\":\"El professor Arri Coomarasamy va ser el guanyador de l'edici\u00f3 anterior per la seva contribuci\u00f3 a la reducci\u00f3 de la mortalitat materna durant el part.\",\"breadcrumb\":{\"@id\":\"https:\/\/www.dexeusfoundation.org\/ca\/premi-fundacio-dexeus-dona\/premi-actual\/#breadcrumb\"},\"inLanguage\":\"ca\",\"potentialAction\":[{\"@type\":\"ReadAction\",\"target\":[\"https:\/\/www.dexeusfoundation.org\/ca\/premi-fundacio-dexeus-dona\/premi-actual\/\"]}]},{\"@type\":\"ImageObject\",\"inLanguage\":\"ca\",\"@id\":\"https:\/\/www.dexeusfoundation.org\/ca\/premi-fundacio-dexeus-dona\/premi-actual\/#primaryimage\",\"url\":\"https:\/\/www.dexeusfoundation.org\/wp-content\/uploads\/2025\/08\/destacados-xix-premio-beca-fundacion-dexeus.jpg\",\"contentUrl\":\"https:\/\/www.dexeusfoundation.org\/wp-content\/uploads\/2025\/08\/destacados-xix-premio-beca-fundacion-dexeus.jpg\",\"width\":686,\"height\":532},{\"@type\":\"BreadcrumbList\",\"@id\":\"https:\/\/www.dexeusfoundation.org\/ca\/premi-fundacio-dexeus-dona\/premi-actual\/#breadcrumb\",\"itemListElement\":[{\"@type\":\"ListItem\",\"position\":1,\"name\":\"Portada\",\"item\":\"https:\/\/www.dexeusfoundation.org\/ca\/\"},{\"@type\":\"ListItem\",\"position\":2,\"name\":\"Premi Fundaci\u00f3 Dexeus Dona\",\"item\":\"https:\/\/www.dexeusfoundation.org\/ca\/dexeus-mujer-foundation-award\/\"},{\"@type\":\"ListItem\",\"position\":3,\"name\":\"Premi actual\"}]},{\"@type\":\"WebSite\",\"@id\":\"https:\/\/www.dexeusfoundation.org\/ca\/#website\",\"url\":\"https:\/\/www.dexeusfoundation.org\/ca\/\",\"name\":\"Fundaci\u00f3n Dexeus Mujer\",\"description\":\"\",\"publisher\":{\"@id\":\"https:\/\/www.dexeusfoundation.org\/ca\/#organization\"},\"potentialAction\":[{\"@type\":\"SearchAction\",\"target\":{\"@type\":\"EntryPoint\",\"urlTemplate\":\"https:\/\/www.dexeusfoundation.org\/ca\/?s={search_term_string}\"},\"query-input\":{\"@type\":\"PropertyValueSpecification\",\"valueRequired\":true,\"valueName\":\"search_term_string\"}}],\"inLanguage\":\"ca\"},{\"@type\":\"Organization\",\"@id\":\"https:\/\/www.dexeusfoundation.org\/ca\/#organization\",\"name\":\"Fundaci\u00f3n Dexeus Mujer\",\"url\":\"https:\/\/www.dexeusfoundation.org\/ca\/\",\"logo\":{\"@type\":\"ImageObject\",\"inLanguage\":\"ca\",\"@id\":\"https:\/\/www.dexeusfoundation.org\/ca\/#\/schema\/logo\/image\/\",\"url\":\"https:\/\/www.dexeusfoundation.org\/wp-content\/uploads\/2025\/07\/Logo-Fundacion-Dexeus-Mujer.png\",\"contentUrl\":\"https:\/\/www.dexeusfoundation.org\/wp-content\/uploads\/2025\/07\/Logo-Fundacion-Dexeus-Mujer.png\",\"width\":2067,\"height\":1773,\"caption\":\"Fundaci\u00f3n Dexeus Mujer\"},\"image\":{\"@id\":\"https:\/\/www.dexeusfoundation.org\/ca\/#\/schema\/logo\/image\/\"},\"sameAs\":[\"https:\/\/es.linkedin.com\/company\/fundacion-dexeus-mujer\"]}]}<\/script>\n<!-- \/ Yoast SEO plugin. -->","yoast_head_json":{"title":"Premi actual - Fundaci\u00f3n Dexeus Mujer","description":"El professor Arri Coomarasamy va ser el guanyador de l'edici\u00f3 anterior per la seva contribuci\u00f3 a la reducci\u00f3 de la mortalitat materna durant el part.","robots":{"index":"index","follow":"follow","max-snippet":"max-snippet:-1","max-image-preview":"max-image-preview:large","max-video-preview":"max-video-preview:-1"},"canonical":"https:\/\/www.dexeusfoundation.org\/ca\/premi-fundacio-dexeus-dona\/premi-actual\/","og_locale":"ca_ES","og_type":"article","og_title":"Premi actual - Fundaci\u00f3n Dexeus Mujer","og_description":"El professor Arri Coomarasamy va ser el guanyador de l'edici\u00f3 anterior per la seva contribuci\u00f3 a la reducci\u00f3 de la mortalitat materna durant el part.","og_url":"https:\/\/www.dexeusfoundation.org\/ca\/premi-fundacio-dexeus-dona\/premi-actual\/","og_site_name":"Fundaci\u00f3n Dexeus Mujer","article_modified_time":"2025-12-09T12:08:41+00:00","og_image":[{"width":686,"height":532,"url":"https:\/\/www.dexeusfoundation.org\/wp-content\/uploads\/2025\/08\/destacados-xix-premio-beca-fundacion-dexeus.jpg","type":"image\/jpeg"}],"twitter_card":"summary_large_image","schema":{"@context":"https:\/\/schema.org","@graph":[{"@type":"WebPage","@id":"https:\/\/www.dexeusfoundation.org\/ca\/premi-fundacio-dexeus-dona\/premi-actual\/","url":"https:\/\/www.dexeusfoundation.org\/ca\/premi-fundacio-dexeus-dona\/premi-actual\/","name":"Premi actual - Fundaci\u00f3n Dexeus Mujer","isPartOf":{"@id":"https:\/\/www.dexeusfoundation.org\/ca\/#website"},"primaryImageOfPage":{"@id":"https:\/\/www.dexeusfoundation.org\/ca\/premi-fundacio-dexeus-dona\/premi-actual\/#primaryimage"},"image":{"@id":"https:\/\/www.dexeusfoundation.org\/ca\/premi-fundacio-dexeus-dona\/premi-actual\/#primaryimage"},"thumbnailUrl":"https:\/\/www.dexeusfoundation.org\/wp-content\/uploads\/2025\/08\/destacados-xix-premio-beca-fundacion-dexeus.jpg","datePublished":"2025-07-31T14:15:55+00:00","dateModified":"2025-12-09T12:08:41+00:00","description":"El professor Arri Coomarasamy va ser el guanyador de l'edici\u00f3 anterior per la seva contribuci\u00f3 a la reducci\u00f3 de la mortalitat materna durant el part.","breadcrumb":{"@id":"https:\/\/www.dexeusfoundation.org\/ca\/premi-fundacio-dexeus-dona\/premi-actual\/#breadcrumb"},"inLanguage":"ca","potentialAction":[{"@type":"ReadAction","target":["https:\/\/www.dexeusfoundation.org\/ca\/premi-fundacio-dexeus-dona\/premi-actual\/"]}]},{"@type":"ImageObject","inLanguage":"ca","@id":"https:\/\/www.dexeusfoundation.org\/ca\/premi-fundacio-dexeus-dona\/premi-actual\/#primaryimage","url":"https:\/\/www.dexeusfoundation.org\/wp-content\/uploads\/2025\/08\/destacados-xix-premio-beca-fundacion-dexeus.jpg","contentUrl":"https:\/\/www.dexeusfoundation.org\/wp-content\/uploads\/2025\/08\/destacados-xix-premio-beca-fundacion-dexeus.jpg","width":686,"height":532},{"@type":"BreadcrumbList","@id":"https:\/\/www.dexeusfoundation.org\/ca\/premi-fundacio-dexeus-dona\/premi-actual\/#breadcrumb","itemListElement":[{"@type":"ListItem","position":1,"name":"Portada","item":"https:\/\/www.dexeusfoundation.org\/ca\/"},{"@type":"ListItem","position":2,"name":"Premi Fundaci\u00f3 Dexeus Dona","item":"https:\/\/www.dexeusfoundation.org\/ca\/dexeus-mujer-foundation-award\/"},{"@type":"ListItem","position":3,"name":"Premi actual"}]},{"@type":"WebSite","@id":"https:\/\/www.dexeusfoundation.org\/ca\/#website","url":"https:\/\/www.dexeusfoundation.org\/ca\/","name":"Fundaci\u00f3n Dexeus Mujer","description":"","publisher":{"@id":"https:\/\/www.dexeusfoundation.org\/ca\/#organization"},"potentialAction":[{"@type":"SearchAction","target":{"@type":"EntryPoint","urlTemplate":"https:\/\/www.dexeusfoundation.org\/ca\/?s={search_term_string}"},"query-input":{"@type":"PropertyValueSpecification","valueRequired":true,"valueName":"search_term_string"}}],"inLanguage":"ca"},{"@type":"Organization","@id":"https:\/\/www.dexeusfoundation.org\/ca\/#organization","name":"Fundaci\u00f3n Dexeus Mujer","url":"https:\/\/www.dexeusfoundation.org\/ca\/","logo":{"@type":"ImageObject","inLanguage":"ca","@id":"https:\/\/www.dexeusfoundation.org\/ca\/#\/schema\/logo\/image\/","url":"https:\/\/www.dexeusfoundation.org\/wp-content\/uploads\/2025\/07\/Logo-Fundacion-Dexeus-Mujer.png","contentUrl":"https:\/\/www.dexeusfoundation.org\/wp-content\/uploads\/2025\/07\/Logo-Fundacion-Dexeus-Mujer.png","width":2067,"height":1773,"caption":"Fundaci\u00f3n Dexeus Mujer"},"image":{"@id":"https:\/\/www.dexeusfoundation.org\/ca\/#\/schema\/logo\/image\/"},"sameAs":["https:\/\/es.linkedin.com\/company\/fundacion-dexeus-mujer"]}]}},"_links":{"self":[{"href":"https:\/\/www.dexeusfoundation.org\/ca\/wp-json\/wp\/v2\/pages\/5801","targetHints":{"allow":["GET"]}}],"collection":[{"href":"https:\/\/www.dexeusfoundation.org\/ca\/wp-json\/wp\/v2\/pages"}],"about":[{"href":"https:\/\/www.dexeusfoundation.org\/ca\/wp-json\/wp\/v2\/types\/page"}],"author":[{"embeddable":true,"href":"https:\/\/www.dexeusfoundation.org\/ca\/wp-json\/wp\/v2\/users\/1"}],"replies":[{"embeddable":true,"href":"https:\/\/www.dexeusfoundation.org\/ca\/wp-json\/wp\/v2\/comments?post=5801"}],"version-history":[{"count":0,"href":"https:\/\/www.dexeusfoundation.org\/ca\/wp-json\/wp\/v2\/pages\/5801\/revisions"}],"up":[{"embeddable":true,"href":"https:\/\/www.dexeusfoundation.org\/ca\/wp-json\/wp\/v2\/pages\/5796"}],"wp:featuredmedia":[{"embeddable":true,"href":"https:\/\/www.dexeusfoundation.org\/ca\/wp-json\/wp\/v2\/media\/5627"}],"wp:attachment":[{"href":"https:\/\/www.dexeusfoundation.org\/ca\/wp-json\/wp\/v2\/media?parent=5801"}],"curies":[{"name":"wp","href":"https:\/\/api.w.org\/{rel}","templated":true}]}}