{"id":5963,"date":"2025-07-31T16:31:04","date_gmt":"2025-07-31T14:31:04","guid":{"rendered":"https:\/\/www.dexeusfoundation.org\/divulgacio\/temes-dinteres-social\/"},"modified":"2025-12-16T18:08:52","modified_gmt":"2025-12-16T17:08:52","slug":"temes-dinteres-social","status":"publish","type":"page","link":"https:\/\/www.dexeusfoundation.org\/ca\/divulgacio-sensibilitzacio-social\/temes-dinteres-social\/","title":{"rendered":"Temes d&#8217;inter\u00e8s social"},"content":{"rendered":"\t\t<div data-elementor-type=\"wp-page\" data-elementor-id=\"5963\" class=\"elementor elementor-5963 elementor-120\" data-elementor-post-type=\"page\">\n\t\t\t\t<div class=\"elementor-element elementor-element-c2383f7 e-con-full e-flex e-con e-parent\" data-id=\"c2383f7\" data-element_type=\"container\" data-e-type=\"container\" data-settings=\"{&quot;jet_parallax_layout_list&quot;:[],&quot;background_background&quot;:&quot;gradient&quot;}\">\n\t\t<div class=\"elementor-element elementor-element-c5cf45c e-con-full e-flex e-con e-child\" data-id=\"c5cf45c\" data-element_type=\"container\" data-e-type=\"container\" data-settings=\"{&quot;jet_parallax_layout_list&quot;:[]}\">\n\t\t\t\t<div class=\"elementor-element elementor-element-4f6cc48 elementor-widget elementor-widget-heading\" data-id=\"4f6cc48\" data-element_type=\"widget\" data-e-type=\"widget\" data-widget_type=\"heading.default\">\n\t\t\t\t\t<h1 class=\"elementor-heading-title elementor-size-default\">Temes d&#8217;inter\u00e8s social<\/h1>\t\t\t\t<\/div>\n\t\t\t\t<div class=\"elementor-element elementor-element-efdf548 elementor-widget elementor-widget-heading\" data-id=\"efdf548\" data-element_type=\"widget\" data-e-type=\"widget\" data-widget_type=\"heading.default\">\n\t\t\t\t\t<p class=\"elementor-heading-title elementor-size-default\">La Fundaci\u00f3 promou iniciatives per a la promoci\u00f3 de la salut de la dona, oferint informaci\u00f3, suport professional i recursos pr\u00e0ctics per a millorar el benestar i la prevenci\u00f3. <\/p>\t\t\t\t<\/div>\n\t\t\t\t<\/div>\n\t\t<div class=\"elementor-element elementor-element-5e3f6c3 e-con-full e-flex e-con e-child\" data-id=\"5e3f6c3\" data-element_type=\"container\" data-e-type=\"container\" data-settings=\"{&quot;jet_parallax_layout_list&quot;:[]}\">\n\t\t\t\t<div class=\"elementor-element elementor-element-713dd63 elementor-widget elementor-widget-image\" data-id=\"713dd63\" data-element_type=\"widget\" data-e-type=\"widget\" data-widget_type=\"image.default\">\n\t\t\t\t\t\t\t\t\t\t\t\t\t\t\t<img fetchpriority=\"high\" decoding=\"async\" width=\"678\" height=\"340\" src=\"https:\/\/www.dexeusfoundation.org\/wp-content\/uploads\/2025\/08\/taller-sexualidad-oncologica.jpg\" class=\"attachment-large size-large wp-image-5962\" alt=\"\" srcset=\"https:\/\/www.dexeusfoundation.org\/wp-content\/uploads\/2025\/08\/taller-sexualidad-oncologica.jpg 678w, https:\/\/www.dexeusfoundation.org\/wp-content\/uploads\/2025\/08\/taller-sexualidad-oncologica-300x150.jpg 300w\" sizes=\"(max-width: 678px) 100vw, 678px\" \/>\t\t\t\t\t\t\t\t\t\t\t\t\t\t\t<\/div>\n\t\t\t\t<\/div>\n\t\t\t\t<\/div>\n\t\t<div class=\"elementor-element elementor-element-ad6acbd e-flex e-con-boxed e-con e-parent\" data-id=\"ad6acbd\" data-element_type=\"container\" data-e-type=\"container\" data-settings=\"{&quot;jet_parallax_layout_list&quot;:[]}\">\n\t\t\t\t\t<div class=\"e-con-inner\">\n\t\t\t\t<div class=\"elementor-element elementor-element-0a03d35 elementor-widget__width-initial elementor-widget elementor-widget-text-editor\" data-id=\"0a03d35\" data-element_type=\"widget\" data-e-type=\"widget\" data-widget_type=\"text-editor.default\">\n\t\t\t\t\t\t\t\t\t<p>A trav\u00e9s de la Fundaci\u00f3, promovem diverses iniciatives per promoure l&#8217;atenci\u00f3 sanit\u00e0ria de les dones en totes les etapes de la vida. Estem compromeses a oferir informaci\u00f3 fiable, suport professional i recursos pr\u00e0ctics per ajudar les dones a con\u00e8ixer-se millor, prevenir problemes de salut i prendre decisions informades sobre el seu benestar. <\/p>\t\t\t\t\t\t\t\t<\/div>\n\t\t\t\t\t<\/div>\n\t\t\t\t<\/div>\n\t\t<div class=\"elementor-element elementor-element-85779b4 e-flex e-con-boxed e-con e-parent\" data-id=\"85779b4\" data-element_type=\"container\" data-e-type=\"container\" data-settings=\"{&quot;jet_parallax_layout_list&quot;:[]}\">\n\t\t\t\t\t<div class=\"e-con-inner\">\n\t\t<div class=\"elementor-element elementor-element-deebf8d e-con-full e-flex e-con e-child\" data-id=\"deebf8d\" data-element_type=\"container\" data-e-type=\"container\" data-settings=\"{&quot;jet_parallax_layout_list&quot;:[],&quot;background_background&quot;:&quot;classic&quot;}\">\n\t\t<div class=\"elementor-element elementor-element-f889079 e-con-full e-flex e-con e-child\" data-id=\"f889079\" data-element_type=\"container\" data-e-type=\"container\" data-settings=\"{&quot;jet_parallax_layout_list&quot;:[]}\">\n\t\t\t\t<div class=\"elementor-element elementor-element-bbe2688 elementor-widget elementor-widget-heading\" data-id=\"bbe2688\" data-element_type=\"widget\" data-e-type=\"widget\" data-widget_type=\"heading.default\">\n\t\t\t\t\t<h3 class=\"elementor-heading-title elementor-size-default\">Conscienciaci\u00f3 sobre la menopausa<\/h3>\t\t\t\t<\/div>\n\t\t\t\t<div class=\"elementor-element elementor-element-7422647 elementor-widget elementor-widget-text-editor\" data-id=\"7422647\" data-element_type=\"widget\" data-e-type=\"widget\" data-widget_type=\"text-editor.default\">\n\t\t\t\t\t\t\t\t\t<p>Coincidint amb el Dia Mundial de la Menopausa, Dexeus Dona promou la conscienciaci\u00f3 sobre com els s\u00edmptomes poden afectar la vida quotidiana de milers de dones. Per aix\u00f2, ens comprometem a identificar-los preco\u00e7ment i a oferir tractaments que millorin la qualitat de vida a trav\u00e9s del programa Dexeus Midlife. <\/p>\t\t\t\t\t\t\t\t<\/div>\n\t\t\t\t<div class=\"elementor-element elementor-element-7ce8448 elementor-widget__width-initial elementor-widget elementor-widget-jet-audio\" data-id=\"7ce8448\" data-element_type=\"widget\" data-e-type=\"widget\" data-widget_type=\"jet-audio.default\">\n\t\t\t\t<div class=\"elementor-widget-container\">\n\t\t\t\t\t<div class=\"elementor-jet-audio jet-elements\">\n\t\t<div class=\"jet-audio jet-audio--fa5-compat\" data-audio-settings=\"{&quot;controls&quot;:[&quot;playpause&quot;,&quot;current&quot;,&quot;progress&quot;,&quot;duration&quot;,&quot;volume&quot;],&quot;audioVolume&quot;:&quot;horizontal&quot;,&quot;startVolume&quot;:0.8,&quot;hasVolumeBar&quot;:&quot;yes&quot;,&quot;hideVolumeOnTouchDevices&quot;:true}\">\n\t\t\t<audio class=\"jet-audio-player\" preload=\"none\" controls=\"\" src=\"https:\/\/www.dexeusfoundation.org\/wp-content\/uploads\/2025\/10\/Falca-Dia-Menopausa-DEXEUS-DONA.mp4a.m4a\" width=\"100%\"><\/audio>\n\t\t<\/div>\n\n\t\t<\/div>\t\t\t\t<\/div>\n\t\t\t\t<\/div>\n\t\t\t\t<\/div>\n\t\t<div class=\"elementor-element elementor-element-c4e90ef e-con-full e-flex e-con e-child\" data-id=\"c4e90ef\" data-element_type=\"container\" data-e-type=\"container\" data-settings=\"{&quot;jet_parallax_layout_list&quot;:[]}\">\n\t\t\t\t<div class=\"elementor-element elementor-element-8833dde elementor-align-justify elementor-tablet-align-left elementor-widget elementor-widget-button\" data-id=\"8833dde\" data-element_type=\"widget\" data-e-type=\"widget\" data-widget_type=\"button.default\">\n\t\t\t\t\t\t\t\t\t\t<a class=\"elementor-button elementor-button-link elementor-size-sm\" href=\"https:\/\/www.dexeus.com\/midlife\/en\" target=\"_blank\">\n\t\t\t\t\t\t<span class=\"elementor-button-content-wrapper\">\n\t\t\t\t\t\t\t\t\t<span class=\"elementor-button-text\">Dexeus Midlife<\/span>\n\t\t\t\t\t<\/span>\n\t\t\t\t\t<\/a>\n\t\t\t\t\t\t\t\t<\/div>\n\t\t\t\t<\/div>\n\t\t\t\t<\/div>\n\t\t\t\t\t<\/div>\n\t\t\t\t<\/div>\n\t\t<div class=\"elementor-element elementor-element-0f4fa48 e-flex e-con-boxed e-con e-parent\" data-id=\"0f4fa48\" data-element_type=\"container\" data-e-type=\"container\" data-settings=\"{&quot;jet_parallax_layout_list&quot;:[]}\">\n\t\t\t\t\t<div class=\"e-con-inner\">\n\t\t<div class=\"elementor-element elementor-element-6483c8e e-con-full e-flex e-con e-child\" data-id=\"6483c8e\" data-element_type=\"container\" data-e-type=\"container\" data-settings=\"{&quot;jet_parallax_layout_list&quot;:[]}\">\n\t\t\t\t<div class=\"elementor-element elementor-element-8f43705 elementor-widget elementor-widget-heading\" data-id=\"8f43705\" data-element_type=\"widget\" data-e-type=\"widget\" data-settings=\"{&quot;sticky&quot;:&quot;top&quot;,&quot;sticky_offset&quot;:120,&quot;sticky_parent&quot;:&quot;yes&quot;,&quot;sticky_on&quot;:[&quot;desktop&quot;,&quot;tablet_extra&quot;,&quot;tablet&quot;],&quot;sticky_effects_offset&quot;:0,&quot;sticky_anchor_link_offset&quot;:0}\" data-widget_type=\"heading.default\">\n\t\t\t\t\t<h2 class=\"elementor-heading-title elementor-size-default\">Tenir m\u00e9s cura amb les paraules ens cuida millor a totes<\/h2>\t\t\t\t<\/div>\n\t\t\t\t<\/div>\n\t\t<div class=\"elementor-element elementor-element-98673fd e-con-full e-flex e-con e-child\" data-id=\"98673fd\" data-element_type=\"container\" data-e-type=\"container\" data-settings=\"{&quot;jet_parallax_layout_list&quot;:[]}\">\n\t\t\t\t<div class=\"elementor-element elementor-element-300cc20 elementor-widget elementor-widget-text-editor\" data-id=\"300cc20\" data-element_type=\"widget\" data-e-type=\"widget\" data-widget_type=\"text-editor.default\">\n\t\t\t\t\t\t\t\t\t<p>Dexeus Dona i Women&#8217;secret llancen una campanya solid\u00e0ria per parlar de la import\u00e0ncia de triar les paraules amb cura quan intentem donar suport a una dona que est\u00e0 passant per un c\u00e0ncer de mama. Perqu\u00e8 algunes paraules, en lloc de cuidar-la o ajudar-la, li generen pressi\u00f3. <\/p>\t\t\t\t\t\t\t\t<\/div>\n\t\t\t\t<div class=\"elementor-element elementor-element-2f49036 elementor-widget elementor-widget-button\" data-id=\"2f49036\" data-element_type=\"widget\" data-e-type=\"widget\" data-widget_type=\"button.default\">\n\t\t\t\t\t\t\t\t\t\t<a class=\"elementor-button elementor-button-link elementor-size-sm\" href=\"https:\/\/www.dexeus.com\/cancer-women-secret\" target=\"_blank\">\n\t\t\t\t\t\t<span class=\"elementor-button-content-wrapper\">\n\t\t\t\t\t\t\t\t\t<span class=\"elementor-button-text\">M\u00e9s informaci\u00f3 sobre la campanya de W'S<\/span>\n\t\t\t\t\t<\/span>\n\t\t\t\t\t<\/a>\n\t\t\t\t\t\t\t\t<\/div>\n\t\t\t\t<\/div>\n\t\t\t\t\t<\/div>\n\t\t\t\t<\/div>\n\t\t<div class=\"elementor-element elementor-element-20edf32 e-flex e-con-boxed e-con e-parent\" data-id=\"20edf32\" data-element_type=\"container\" data-e-type=\"container\" data-settings=\"{&quot;jet_parallax_layout_list&quot;:[]}\">\n\t\t\t\t\t<div class=\"e-con-inner\">\n\t\t<div class=\"elementor-element elementor-element-c606cb9 e-con-full e-flex e-con e-child\" data-id=\"c606cb9\" data-element_type=\"container\" data-e-type=\"container\" data-settings=\"{&quot;background_background&quot;:&quot;gradient&quot;,&quot;jet_parallax_layout_list&quot;:[]}\">\n\t\t\t\t<div class=\"elementor-element elementor-element-960c9ea elementor-widget__width-initial elementor-widget elementor-widget-video\" data-id=\"960c9ea\" data-element_type=\"widget\" data-e-type=\"widget\" data-settings=\"{&quot;youtube_url&quot;:&quot;https:\\\/\\\/youtu.be\\\/q6dyn4aPADc&quot;,&quot;video_type&quot;:&quot;youtube&quot;,&quot;controls&quot;:&quot;yes&quot;}\" data-widget_type=\"video.default\">\n\t\t\t\t\t\t\t<div class=\"elementor-wrapper elementor-open-inline\">\n\t\t\t<div class=\"elementor-video\"><\/div>\t\t<\/div>\n\t\t\t\t\t\t<\/div>\n\t\t\t\t<\/div>\n\t\t\t\t\t<\/div>\n\t\t\t\t<\/div>\n\t\t<div class=\"elementor-element elementor-element-5c42b90 e-flex e-con-boxed e-con e-parent\" data-id=\"5c42b90\" data-element_type=\"container\" data-e-type=\"container\" data-settings=\"{&quot;jet_parallax_layout_list&quot;:[]}\">\n\t\t\t\t\t<div class=\"e-con-inner\">\n\t\t<div class=\"elementor-element elementor-element-166fe9f e-con-full e-flex e-con e-child\" data-id=\"166fe9f\" data-element_type=\"container\" data-e-type=\"container\" data-settings=\"{&quot;jet_parallax_layout_list&quot;:[],&quot;background_background&quot;:&quot;gradient&quot;}\">\n\t\t<div class=\"elementor-element elementor-element-47da2f1 e-con-full e-flex e-con e-child\" data-id=\"47da2f1\" data-element_type=\"container\" data-e-type=\"container\" data-settings=\"{&quot;jet_parallax_layout_list&quot;:[]}\">\n\t\t\t\t<div class=\"elementor-element elementor-element-4a5d54c elementor-widget elementor-widget-heading\" data-id=\"4a5d54c\" data-element_type=\"widget\" data-e-type=\"widget\" data-widget_type=\"heading.default\">\n\t\t\t\t\t<h3 class=\"elementor-heading-title elementor-size-default\">Patrocinador de Tedx Via Augusta Women Tarragona<\/h3>\t\t\t\t<\/div>\n\t\t\t\t<div class=\"elementor-element elementor-element-84df57a elementor-widget elementor-widget-text-editor\" data-id=\"84df57a\" data-element_type=\"widget\" data-e-type=\"widget\" data-widget_type=\"text-editor.default\">\n\t\t\t\t\t\t\t\t\t<p>Dexeus Dona ha patrocinat el Tedx Via Augusta Women Tarragona celebrat al nvembre, en l\u00ednia amb el nostre comprom\u00eds de conscienciar sobre les q\u00fcestions de salut de la dona i el comprom\u00eds de Dexeus Dona amb amb les dones del territori.<\/p>\t\t\t\t\t\t\t\t<\/div>\n\t\t\t\t<\/div>\n\t\t<div class=\"elementor-element elementor-element-dde4e7a e-con-full e-flex e-con e-child\" data-id=\"dde4e7a\" data-element_type=\"container\" data-e-type=\"container\" data-settings=\"{&quot;jet_parallax_layout_list&quot;:[]}\">\n\t\t\t\t<div class=\"elementor-element elementor-element-414ae2c elementor-widget elementor-widget-image\" data-id=\"414ae2c\" data-element_type=\"widget\" data-e-type=\"widget\" data-widget_type=\"image.default\">\n\t\t\t\t\t\t\t\t\t\t\t\t\t\t\t<img decoding=\"async\" width=\"350\" height=\"350\" src=\"https:\/\/www.dexeusfoundation.org\/wp-content\/uploads\/2025\/10\/tedx-Tarragona.png\" class=\"attachment-large size-large wp-image-5944\" alt=\"\" srcset=\"https:\/\/www.dexeusfoundation.org\/wp-content\/uploads\/2025\/10\/tedx-Tarragona.png 350w, https:\/\/www.dexeusfoundation.org\/wp-content\/uploads\/2025\/10\/tedx-Tarragona-300x300.png 300w, https:\/\/www.dexeusfoundation.org\/wp-content\/uploads\/2025\/10\/tedx-Tarragona-150x150.png 150w\" sizes=\"(max-width: 350px) 100vw, 350px\" \/>\t\t\t\t\t\t\t\t\t\t\t\t\t\t\t<\/div>\n\t\t\t\t<\/div>\n\t\t\t\t<\/div>\n\t\t\t\t\t<\/div>\n\t\t\t\t<\/div>\n\t\t\t\t<\/div>\n\t\t","protected":false},"excerpt":{"rendered":"<p>Difonem aven\u00e7os m\u00e8dics i estudis sobre la salut de la dona als mitjans de comunicaci\u00f3 i als professionals del sector.<\/p>\n","protected":false},"author":1,"featured_media":5962,"parent":5943,"menu_order":0,"comment_status":"closed","ping_status":"closed","template":"","meta":{"footnotes":""},"class_list":["post-5963","page","type-page","status-publish","has-post-thumbnail","hentry"],"yoast_head":"<!-- This site is optimized with the Yoast SEO plugin v27.0 - https:\/\/yoast.com\/product\/yoast-seo-wordpress\/ -->\n<title>Temes d&#039;inter\u00e8s social - Fundaci\u00f3n Dexeus Mujer<\/title>\n<meta name=\"description\" content=\"Difonem aven\u00e7os m\u00e8dics i estudis sobre la salut de la dona als mitjans de comunicaci\u00f3 i als professionals del sector.\" \/>\n<meta name=\"robots\" content=\"index, follow, max-snippet:-1, max-image-preview:large, max-video-preview:-1\" \/>\n<link rel=\"canonical\" href=\"https:\/\/www.dexeusfoundation.org\/ca\/divulgacio-sensibilitzacio-social\/temes-dinteres-social\/\" \/>\n<meta property=\"og:locale\" content=\"ca_ES\" \/>\n<meta property=\"og:type\" content=\"article\" \/>\n<meta property=\"og:title\" content=\"Temes d&#039;inter\u00e8s social - Fundaci\u00f3n Dexeus Mujer\" \/>\n<meta property=\"og:description\" content=\"Difonem aven\u00e7os m\u00e8dics i estudis sobre la salut de la dona als mitjans de comunicaci\u00f3 i als professionals del sector.\" \/>\n<meta property=\"og:url\" content=\"https:\/\/www.dexeusfoundation.org\/ca\/divulgacio-sensibilitzacio-social\/temes-dinteres-social\/\" \/>\n<meta property=\"og:site_name\" content=\"Fundaci\u00f3n Dexeus Mujer\" \/>\n<meta property=\"article:modified_time\" content=\"2025-12-16T17:08:52+00:00\" \/>\n<meta property=\"og:image\" content=\"https:\/\/www.dexeusfoundation.org\/wp-content\/uploads\/2025\/08\/taller-sexualidad-oncologica.jpg\" \/>\n\t<meta property=\"og:image:width\" content=\"678\" \/>\n\t<meta property=\"og:image:height\" content=\"340\" \/>\n\t<meta property=\"og:image:type\" content=\"image\/jpeg\" \/>\n<meta name=\"twitter:card\" content=\"summary_large_image\" \/>\n<script type=\"application\/ld+json\" class=\"yoast-schema-graph\">{\"@context\":\"https:\/\/schema.org\",\"@graph\":[{\"@type\":\"WebPage\",\"@id\":\"https:\/\/www.dexeusfoundation.org\/ca\/divulgacio-sensibilitzacio-social\/temes-dinteres-social\/\",\"url\":\"https:\/\/www.dexeusfoundation.org\/ca\/divulgacio-sensibilitzacio-social\/temes-dinteres-social\/\",\"name\":\"Temes d'inter\u00e8s social - Fundaci\u00f3n Dexeus Mujer\",\"isPartOf\":{\"@id\":\"https:\/\/www.dexeusfoundation.org\/ca\/#website\"},\"primaryImageOfPage\":{\"@id\":\"https:\/\/www.dexeusfoundation.org\/ca\/divulgacio-sensibilitzacio-social\/temes-dinteres-social\/#primaryimage\"},\"image\":{\"@id\":\"https:\/\/www.dexeusfoundation.org\/ca\/divulgacio-sensibilitzacio-social\/temes-dinteres-social\/#primaryimage\"},\"thumbnailUrl\":\"https:\/\/www.dexeusfoundation.org\/wp-content\/uploads\/2025\/08\/taller-sexualidad-oncologica.jpg\",\"datePublished\":\"2025-07-31T14:31:04+00:00\",\"dateModified\":\"2025-12-16T17:08:52+00:00\",\"description\":\"Difonem aven\u00e7os m\u00e8dics i estudis sobre la salut de la dona als mitjans de comunicaci\u00f3 i als professionals del sector.\",\"breadcrumb\":{\"@id\":\"https:\/\/www.dexeusfoundation.org\/ca\/divulgacio-sensibilitzacio-social\/temes-dinteres-social\/#breadcrumb\"},\"inLanguage\":\"ca\",\"potentialAction\":[{\"@type\":\"ReadAction\",\"target\":[\"https:\/\/www.dexeusfoundation.org\/ca\/divulgacio-sensibilitzacio-social\/temes-dinteres-social\/\"]}]},{\"@type\":\"ImageObject\",\"inLanguage\":\"ca\",\"@id\":\"https:\/\/www.dexeusfoundation.org\/ca\/divulgacio-sensibilitzacio-social\/temes-dinteres-social\/#primaryimage\",\"url\":\"https:\/\/www.dexeusfoundation.org\/wp-content\/uploads\/2025\/08\/taller-sexualidad-oncologica.jpg\",\"contentUrl\":\"https:\/\/www.dexeusfoundation.org\/wp-content\/uploads\/2025\/08\/taller-sexualidad-oncologica.jpg\",\"width\":678,\"height\":340},{\"@type\":\"BreadcrumbList\",\"@id\":\"https:\/\/www.dexeusfoundation.org\/ca\/divulgacio-sensibilitzacio-social\/temes-dinteres-social\/#breadcrumb\",\"itemListElement\":[{\"@type\":\"ListItem\",\"position\":1,\"name\":\"Portada\",\"item\":\"https:\/\/www.dexeusfoundation.org\/ca\/\"},{\"@type\":\"ListItem\",\"position\":2,\"name\":\"Divulgaci\u00f3\",\"item\":\"https:\/\/www.dexeusfoundation.org\/ca\/divulgacio-sensibilitzacio-social\/\"},{\"@type\":\"ListItem\",\"position\":3,\"name\":\"Temes d&#8217;inter\u00e8s social\"}]},{\"@type\":\"WebSite\",\"@id\":\"https:\/\/www.dexeusfoundation.org\/ca\/#website\",\"url\":\"https:\/\/www.dexeusfoundation.org\/ca\/\",\"name\":\"Fundaci\u00f3n Dexeus Mujer\",\"description\":\"\",\"publisher\":{\"@id\":\"https:\/\/www.dexeusfoundation.org\/ca\/#organization\"},\"potentialAction\":[{\"@type\":\"SearchAction\",\"target\":{\"@type\":\"EntryPoint\",\"urlTemplate\":\"https:\/\/www.dexeusfoundation.org\/ca\/?s={search_term_string}\"},\"query-input\":{\"@type\":\"PropertyValueSpecification\",\"valueRequired\":true,\"valueName\":\"search_term_string\"}}],\"inLanguage\":\"ca\"},{\"@type\":\"Organization\",\"@id\":\"https:\/\/www.dexeusfoundation.org\/ca\/#organization\",\"name\":\"Fundaci\u00f3n Dexeus Mujer\",\"url\":\"https:\/\/www.dexeusfoundation.org\/ca\/\",\"logo\":{\"@type\":\"ImageObject\",\"inLanguage\":\"ca\",\"@id\":\"https:\/\/www.dexeusfoundation.org\/ca\/#\/schema\/logo\/image\/\",\"url\":\"https:\/\/www.dexeusfoundation.org\/wp-content\/uploads\/2025\/07\/Logo-Fundacion-Dexeus-Mujer.png\",\"contentUrl\":\"https:\/\/www.dexeusfoundation.org\/wp-content\/uploads\/2025\/07\/Logo-Fundacion-Dexeus-Mujer.png\",\"width\":2067,\"height\":1773,\"caption\":\"Fundaci\u00f3n Dexeus Mujer\"},\"image\":{\"@id\":\"https:\/\/www.dexeusfoundation.org\/ca\/#\/schema\/logo\/image\/\"},\"sameAs\":[\"https:\/\/es.linkedin.com\/company\/fundacion-dexeus-mujer\"]}]}<\/script>\n<!-- \/ Yoast SEO plugin. -->","yoast_head_json":{"title":"Temes d'inter\u00e8s social - Fundaci\u00f3n Dexeus Mujer","description":"Difonem aven\u00e7os m\u00e8dics i estudis sobre la salut de la dona als mitjans de comunicaci\u00f3 i als professionals del sector.","robots":{"index":"index","follow":"follow","max-snippet":"max-snippet:-1","max-image-preview":"max-image-preview:large","max-video-preview":"max-video-preview:-1"},"canonical":"https:\/\/www.dexeusfoundation.org\/ca\/divulgacio-sensibilitzacio-social\/temes-dinteres-social\/","og_locale":"ca_ES","og_type":"article","og_title":"Temes d'inter\u00e8s social - Fundaci\u00f3n Dexeus Mujer","og_description":"Difonem aven\u00e7os m\u00e8dics i estudis sobre la salut de la dona als mitjans de comunicaci\u00f3 i als professionals del sector.","og_url":"https:\/\/www.dexeusfoundation.org\/ca\/divulgacio-sensibilitzacio-social\/temes-dinteres-social\/","og_site_name":"Fundaci\u00f3n Dexeus Mujer","article_modified_time":"2025-12-16T17:08:52+00:00","og_image":[{"width":678,"height":340,"url":"https:\/\/www.dexeusfoundation.org\/wp-content\/uploads\/2025\/08\/taller-sexualidad-oncologica.jpg","type":"image\/jpeg"}],"twitter_card":"summary_large_image","schema":{"@context":"https:\/\/schema.org","@graph":[{"@type":"WebPage","@id":"https:\/\/www.dexeusfoundation.org\/ca\/divulgacio-sensibilitzacio-social\/temes-dinteres-social\/","url":"https:\/\/www.dexeusfoundation.org\/ca\/divulgacio-sensibilitzacio-social\/temes-dinteres-social\/","name":"Temes d'inter\u00e8s social - Fundaci\u00f3n Dexeus Mujer","isPartOf":{"@id":"https:\/\/www.dexeusfoundation.org\/ca\/#website"},"primaryImageOfPage":{"@id":"https:\/\/www.dexeusfoundation.org\/ca\/divulgacio-sensibilitzacio-social\/temes-dinteres-social\/#primaryimage"},"image":{"@id":"https:\/\/www.dexeusfoundation.org\/ca\/divulgacio-sensibilitzacio-social\/temes-dinteres-social\/#primaryimage"},"thumbnailUrl":"https:\/\/www.dexeusfoundation.org\/wp-content\/uploads\/2025\/08\/taller-sexualidad-oncologica.jpg","datePublished":"2025-07-31T14:31:04+00:00","dateModified":"2025-12-16T17:08:52+00:00","description":"Difonem aven\u00e7os m\u00e8dics i estudis sobre la salut de la dona als mitjans de comunicaci\u00f3 i als professionals del sector.","breadcrumb":{"@id":"https:\/\/www.dexeusfoundation.org\/ca\/divulgacio-sensibilitzacio-social\/temes-dinteres-social\/#breadcrumb"},"inLanguage":"ca","potentialAction":[{"@type":"ReadAction","target":["https:\/\/www.dexeusfoundation.org\/ca\/divulgacio-sensibilitzacio-social\/temes-dinteres-social\/"]}]},{"@type":"ImageObject","inLanguage":"ca","@id":"https:\/\/www.dexeusfoundation.org\/ca\/divulgacio-sensibilitzacio-social\/temes-dinteres-social\/#primaryimage","url":"https:\/\/www.dexeusfoundation.org\/wp-content\/uploads\/2025\/08\/taller-sexualidad-oncologica.jpg","contentUrl":"https:\/\/www.dexeusfoundation.org\/wp-content\/uploads\/2025\/08\/taller-sexualidad-oncologica.jpg","width":678,"height":340},{"@type":"BreadcrumbList","@id":"https:\/\/www.dexeusfoundation.org\/ca\/divulgacio-sensibilitzacio-social\/temes-dinteres-social\/#breadcrumb","itemListElement":[{"@type":"ListItem","position":1,"name":"Portada","item":"https:\/\/www.dexeusfoundation.org\/ca\/"},{"@type":"ListItem","position":2,"name":"Divulgaci\u00f3","item":"https:\/\/www.dexeusfoundation.org\/ca\/divulgacio-sensibilitzacio-social\/"},{"@type":"ListItem","position":3,"name":"Temes d&#8217;inter\u00e8s social"}]},{"@type":"WebSite","@id":"https:\/\/www.dexeusfoundation.org\/ca\/#website","url":"https:\/\/www.dexeusfoundation.org\/ca\/","name":"Fundaci\u00f3n Dexeus Mujer","description":"","publisher":{"@id":"https:\/\/www.dexeusfoundation.org\/ca\/#organization"},"potentialAction":[{"@type":"SearchAction","target":{"@type":"EntryPoint","urlTemplate":"https:\/\/www.dexeusfoundation.org\/ca\/?s={search_term_string}"},"query-input":{"@type":"PropertyValueSpecification","valueRequired":true,"valueName":"search_term_string"}}],"inLanguage":"ca"},{"@type":"Organization","@id":"https:\/\/www.dexeusfoundation.org\/ca\/#organization","name":"Fundaci\u00f3n Dexeus Mujer","url":"https:\/\/www.dexeusfoundation.org\/ca\/","logo":{"@type":"ImageObject","inLanguage":"ca","@id":"https:\/\/www.dexeusfoundation.org\/ca\/#\/schema\/logo\/image\/","url":"https:\/\/www.dexeusfoundation.org\/wp-content\/uploads\/2025\/07\/Logo-Fundacion-Dexeus-Mujer.png","contentUrl":"https:\/\/www.dexeusfoundation.org\/wp-content\/uploads\/2025\/07\/Logo-Fundacion-Dexeus-Mujer.png","width":2067,"height":1773,"caption":"Fundaci\u00f3n Dexeus Mujer"},"image":{"@id":"https:\/\/www.dexeusfoundation.org\/ca\/#\/schema\/logo\/image\/"},"sameAs":["https:\/\/es.linkedin.com\/company\/fundacion-dexeus-mujer"]}]}},"_links":{"self":[{"href":"https:\/\/www.dexeusfoundation.org\/ca\/wp-json\/wp\/v2\/pages\/5963","targetHints":{"allow":["GET"]}}],"collection":[{"href":"https:\/\/www.dexeusfoundation.org\/ca\/wp-json\/wp\/v2\/pages"}],"about":[{"href":"https:\/\/www.dexeusfoundation.org\/ca\/wp-json\/wp\/v2\/types\/page"}],"author":[{"embeddable":true,"href":"https:\/\/www.dexeusfoundation.org\/ca\/wp-json\/wp\/v2\/users\/1"}],"replies":[{"embeddable":true,"href":"https:\/\/www.dexeusfoundation.org\/ca\/wp-json\/wp\/v2\/comments?post=5963"}],"version-history":[{"count":0,"href":"https:\/\/www.dexeusfoundation.org\/ca\/wp-json\/wp\/v2\/pages\/5963\/revisions"}],"up":[{"embeddable":true,"href":"https:\/\/www.dexeusfoundation.org\/ca\/wp-json\/wp\/v2\/pages\/5943"}],"wp:featuredmedia":[{"embeddable":true,"href":"https:\/\/www.dexeusfoundation.org\/ca\/wp-json\/wp\/v2\/media\/5962"}],"wp:attachment":[{"href":"https:\/\/www.dexeusfoundation.org\/ca\/wp-json\/wp\/v2\/media?parent=5963"}],"curies":[{"name":"wp","href":"https:\/\/api.w.org\/{rel}","templated":true}]}}